{"id":27424,"date":"2025-05-16T13:44:38","date_gmt":"2025-05-16T17:44:38","guid":{"rendered":"https:\/\/mtlconnecte.ca\/?page_id=27424"},"modified":"2026-04-20T09:46:20","modified_gmt":"2026-04-20T13:46:20","slug":"2025-digital-arts-and-culture","status":"publish","type":"page","link":"https:\/\/mtlconnecte.ca\/en\/2025-digital-arts-and-culture\/","title":{"rendered":"2025 Digital Arts and Culture"},"content":{"rendered":"\t\t<div data-elementor-type=\"wp-page\" data-elementor-id=\"27424\" class=\"elementor elementor-27424 elementor-26318\" data-elementor-post-type=\"page\">\n\t\t\t\t\t\t<section class=\"elementor-section elementor-top-section elementor-element elementor-element-36f3209a elementor-section-height-min-height elementor-section-content-middle elementor-reverse-mobile elementor-section-boxed elementor-section-height-default elementor-section-items-middle\" data-id=\"36f3209a\" data-element_type=\"section\" data-settings=\"{&quot;background_background&quot;:&quot;classic&quot;}\">\n\t\t\t\t\t\t\t<div class=\"elementor-background-overlay\"><\/div>\n\t\t\t\t\t\t\t<div class=\"elementor-container elementor-column-gap-no\">\n\t\t\t\t\t<div class=\"elementor-column elementor-col-50 elementor-top-column elementor-element elementor-element-3827ad2b\" data-id=\"3827ad2b\" data-element_type=\"column\">\n\t\t\t<div class=\"elementor-widget-wrap elementor-element-populated\">\n\t\t\t\t\t\t<div class=\"elementor-element elementor-element-401d44c9 elementor-widget elementor-widget-heading\" data-id=\"401d44c9\" data-element_type=\"widget\" data-widget_type=\"heading.default\">\n\t\t\t\t<div class=\"elementor-widget-container\">\n\t\t\t<h2 class=\"elementor-heading-title elementor-size-default\">Digital Arts<br>and Culture<\/h2>\t\t<\/div>\n\t\t\t\t<\/div>\n\t\t\t\t<div class=\"elementor-element elementor-element-5d8567d8 elementor-widget elementor-widget-text-editor\" data-id=\"5d8567d8\" data-element_type=\"widget\" data-widget_type=\"text-editor.default\">\n\t\t\t\t<div class=\"elementor-widget-container\">\n\t\t\t\t\t\t\t<p><span style=\"font-weight: 400;\">A platform that champions creators.<\/span><\/p>\t\t\t\t\t\t<\/div>\n\t\t\t\t<\/div>\n\t\t\t\t\t<\/div>\n\t\t<\/div>\n\t\t\t\t<div class=\"elementor-column elementor-col-50 elementor-top-column elementor-element elementor-element-4a3f6daa\" data-id=\"4a3f6daa\" data-element_type=\"column\">\n\t\t\t<div class=\"elementor-widget-wrap\">\n\t\t\t\t\t\t\t<\/div>\n\t\t<\/div>\n\t\t\t\t\t<\/div>\n\t\t<\/section>\n\t\t\t\t<section class=\"elementor-section elementor-top-section elementor-element elementor-element-69530dc6 elementor-section-full_width elementor-section-content-middle elementor-section-height-default elementor-section-height-default\" data-id=\"69530dc6\" data-element_type=\"section\" data-settings=\"{&quot;background_background&quot;:&quot;classic&quot;}\">\n\t\t\t\t\t\t<div class=\"elementor-container elementor-column-gap-no\">\n\t\t\t\t\t<div class=\"elementor-column elementor-col-50 elementor-top-column elementor-element elementor-element-6ca0ecf9\" data-id=\"6ca0ecf9\" data-element_type=\"column\" data-settings=\"{&quot;background_background&quot;:&quot;classic&quot;}\">\n\t\t\t<div class=\"elementor-widget-wrap elementor-element-populated\">\n\t\t\t\t\t<div class=\"elementor-background-overlay\"><\/div>\n\t\t\t\t\t\t<div class=\"elementor-element elementor-element-278d2e1a elementor-widget elementor-widget-heading\" data-id=\"278d2e1a\" data-element_type=\"widget\" data-widget_type=\"heading.default\">\n\t\t\t\t<div class=\"elementor-widget-container\">\n\t\t\t<h4 class=\"elementor-heading-title elementor-size-default\">A platform that champions creators.<\/h4>\t\t<\/div>\n\t\t\t\t<\/div>\n\t\t\t\t\t<\/div>\n\t\t<\/div>\n\t\t\t\t<div class=\"elementor-column elementor-col-50 elementor-top-column elementor-element elementor-element-63c522d6\" data-id=\"63c522d6\" data-element_type=\"column\">\n\t\t\t<div class=\"elementor-widget-wrap elementor-element-populated\">\n\t\t\t\t\t\t<div class=\"elementor-element elementor-element-1709d300 elementor-widget__width-initial elementor-widget elementor-widget-text-editor\" data-id=\"1709d300\" data-element_type=\"widget\" data-widget_type=\"text-editor.default\">\n\t\t\t\t<div class=\"elementor-widget-container\">\n\t\t\t\t\t\t\t<p><span style=\"font-weight: 400;\">Through its various initiatives, <\/span><b>MTL connect<\/b><span style=\"font-weight: 400;\"> serves as a unique platform that highlights both local and international creators demonstrating that digital art is not only a driver of innovation but also a powerful tool for imagining and experimenting with possible futures in an ever-evolving technological world.<\/span><\/p><p><span style=\"font-weight: 400;\">MTL connect also offers a dedicated program for international curators. Thanks to the efforts of its programming committee, guided tours are organized during the event to showcase cutting-edge digital art.<\/span><\/p>\t\t\t\t\t\t<\/div>\n\t\t\t\t<\/div>\n\t\t\t\t<div class=\"elementor-element elementor-element-6e7b3e0 elementor-widget elementor-widget-button\" data-id=\"6e7b3e0\" data-element_type=\"widget\" data-widget_type=\"button.default\">\n\t\t\t\t<div class=\"elementor-widget-container\">\n\t\t\t\t\t<div class=\"elementor-button-wrapper\">\n\t\t\t<a class=\"elementor-button elementor-button-link elementor-size-sm\" href=\"https:\/\/canva.link\/igwizf1xzgekxuc\">\n\t\t\t\t\t\t<span class=\"elementor-button-content-wrapper\">\n\t\t\t\t\t\t\t\t\t<span class=\"elementor-button-text\">View the Culture & Creativity 2025 Report<\/span>\n\t\t\t\t\t<\/span>\n\t\t\t\t\t<\/a>\n\t\t<\/div>\n\t\t\t\t<\/div>\n\t\t\t\t<\/div>\n\t\t\t\t\t<\/div>\n\t\t<\/div>\n\t\t\t\t\t<\/div>\n\t\t<\/section>\n\t\t\t\t<section class=\"elementor-section elementor-top-section elementor-element elementor-element-f2bb3ff elementor-section-boxed elementor-section-height-default elementor-section-height-default\" data-id=\"f2bb3ff\" data-element_type=\"section\">\n\t\t\t\t\t\t<div class=\"elementor-container elementor-column-gap-default\">\n\t\t\t\t\t<div class=\"elementor-column elementor-col-100 elementor-top-column elementor-element elementor-element-ee7ed8f\" data-id=\"ee7ed8f\" data-element_type=\"column\">\n\t\t\t<div class=\"elementor-widget-wrap elementor-element-populated\">\n\t\t\t\t\t\t<div class=\"elementor-element elementor-element-ea86ccc elementor-widget elementor-widget-gallery\" data-id=\"ea86ccc\" data-element_type=\"widget\" data-settings=\"{&quot;lazyload&quot;:&quot;yes&quot;,&quot;gallery_layout&quot;:&quot;grid&quot;,&quot;columns&quot;:4,&quot;columns_tablet&quot;:2,&quot;columns_mobile&quot;:1,&quot;gap&quot;:{&quot;unit&quot;:&quot;px&quot;,&quot;size&quot;:10,&quot;sizes&quot;:[]},&quot;gap_tablet&quot;:{&quot;unit&quot;:&quot;px&quot;,&quot;size&quot;:10,&quot;sizes&quot;:[]},&quot;gap_mobile&quot;:{&quot;unit&quot;:&quot;px&quot;,&quot;size&quot;:10,&quot;sizes&quot;:[]},&quot;link_to&quot;:&quot;file&quot;,&quot;aspect_ratio&quot;:&quot;3:2&quot;,&quot;overlay_background&quot;:&quot;yes&quot;,&quot;content_hover_animation&quot;:&quot;fade-in&quot;}\" data-widget_type=\"gallery.default\">\n\t\t\t\t<div class=\"elementor-widget-container\">\n\t\t\t\t\t<div class=\"elementor-gallery__container\">\n\t\t\t\t\t\t\t<a class=\"e-gallery-item elementor-gallery-item elementor-animated-content\" href=\"https:\/\/mtlconnecte.ca\/wp-content\/uploads\/2026\/04\/MTL-connecte-2025-OFFICIEL_Printemps-numerique_457edc3c-8de7-452e-bb5e-4835eaeedcde-2.jpg\" data-elementor-open-lightbox=\"yes\" data-elementor-lightbox-slideshow=\"ea86ccc\" data-elementor-lightbox-title=\"MTL connecte 2025 - OFFICIEL_Printemps num\u00e9rique dome montreal\" data-e-action-hash=\"#elementor-action%3Aaction%3Dlightbox%26settings%3DeyJpZCI6MzA0NjcsInVybCI6Imh0dHBzOlwvXC9tdGxjb25uZWN0ZS5jYVwvd3AtY29udGVudFwvdXBsb2Fkc1wvMjAyNlwvMDRcL01UTC1jb25uZWN0ZS0yMDI1LU9GRklDSUVMX1ByaW50ZW1wcy1udW1lcmlxdWVfNDU3ZWRjM2MtOGRlNy00NTJlLWJiNWUtNDgzNWVhZWVkY2RlLTIuanBnIiwic2xpZGVzaG93IjoiZWE4NmNjYyJ9\">\n\t\t\t\t\t<div class=\"e-gallery-image elementor-gallery-item__image\" data-thumbnail=\"https:\/\/mtlconnecte.ca\/wp-content\/uploads\/2026\/04\/MTL-connecte-2025-OFFICIEL_Printemps-numerique_457edc3c-8de7-452e-bb5e-4835eaeedcde-2-300x200.jpg\" data-width=\"300\" data-height=\"200\" aria-label=\"mtl connecte 2026 - dome immersif montreal\" role=\"img\" ><\/div>\n\t\t\t\t\t\t\t\t\t\t\t<div class=\"elementor-gallery-item__overlay\"><\/div>\n\t\t\t\t\t\t\t\t\t\t\t\t\t\t<\/a>\n\t\t\t\t\t\t\t<a class=\"e-gallery-item elementor-gallery-item elementor-animated-content\" href=\"https:\/\/mtlconnecte.ca\/wp-content\/uploads\/2026\/04\/MTL-connecte-2025-OFFICIEL_Printemps-numerique_77bf7b33-d52a-47c2-b620-90c9d1cb790a.jpg\" data-elementor-open-lightbox=\"yes\" data-elementor-lightbox-slideshow=\"ea86ccc\" data-elementor-lightbox-title=\"MTL connecte 2025 - OFFICIEL_Printemps num\u00e9rique art immersif\" data-e-action-hash=\"#elementor-action%3Aaction%3Dlightbox%26settings%3DeyJpZCI6MzA0NzAsInVybCI6Imh0dHBzOlwvXC9tdGxjb25uZWN0ZS5jYVwvd3AtY29udGVudFwvdXBsb2Fkc1wvMjAyNlwvMDRcL01UTC1jb25uZWN0ZS0yMDI1LU9GRklDSUVMX1ByaW50ZW1wcy1udW1lcmlxdWVfNzdiZjdiMzMtZDUyYS00N2MyLWI2MjAtOTBjOWQxY2I3OTBhLmpwZyIsInNsaWRlc2hvdyI6ImVhODZjY2MifQ%3D%3D\">\n\t\t\t\t\t<div class=\"e-gallery-image elementor-gallery-item__image\" data-thumbnail=\"https:\/\/mtlconnecte.ca\/wp-content\/uploads\/2026\/04\/MTL-connecte-2025-OFFICIEL_Printemps-numerique_77bf7b33-d52a-47c2-b620-90c9d1cb790a-300x200.jpg\" data-width=\"300\" data-height=\"200\" aria-label=\"art immersif mtl connecte 2026\" role=\"img\" ><\/div>\n\t\t\t\t\t\t\t\t\t\t\t<div class=\"elementor-gallery-item__overlay\"><\/div>\n\t\t\t\t\t\t\t\t\t\t\t\t\t\t<\/a>\n\t\t\t\t\t\t\t<a class=\"e-gallery-item elementor-gallery-item elementor-animated-content\" href=\"https:\/\/mtlconnecte.ca\/wp-content\/uploads\/2026\/04\/MTL-connecte-2025-OFFICIEL_Printemps-numerique_3805d722-f193-497a-be38-dfa68bb0659e.jpg\" data-elementor-open-lightbox=\"yes\" data-elementor-lightbox-slideshow=\"ea86ccc\" data-elementor-lightbox-title=\"MTL connecte 2025 - OFFICIEL_Printemps num\u00e9rique\" data-e-action-hash=\"#elementor-action%3Aaction%3Dlightbox%26settings%3DeyJpZCI6MzA0NzIsInVybCI6Imh0dHBzOlwvXC9tdGxjb25uZWN0ZS5jYVwvd3AtY29udGVudFwvdXBsb2Fkc1wvMjAyNlwvMDRcL01UTC1jb25uZWN0ZS0yMDI1LU9GRklDSUVMX1ByaW50ZW1wcy1udW1lcmlxdWVfMzgwNWQ3MjItZjE5My00OTdhLWJlMzgtZGZhNjhiYjA2NTllLmpwZyIsInNsaWRlc2hvdyI6ImVhODZjY2MifQ%3D%3D\">\n\t\t\t\t\t<div class=\"e-gallery-image elementor-gallery-item__image\" data-thumbnail=\"https:\/\/mtlconnecte.ca\/wp-content\/uploads\/2026\/04\/MTL-connecte-2025-OFFICIEL_Printemps-numerique_3805d722-f193-497a-be38-dfa68bb0659e-300x200.jpg\" data-width=\"300\" data-height=\"200\" aria-label=\"art num\u00e9rique - mtl connecte 2026\" role=\"img\" ><\/div>\n\t\t\t\t\t\t\t\t\t\t\t<div class=\"elementor-gallery-item__overlay\"><\/div>\n\t\t\t\t\t\t\t\t\t\t\t\t\t\t<\/a>\n\t\t\t\t\t\t\t<a class=\"e-gallery-item elementor-gallery-item elementor-animated-content\" href=\"https:\/\/mtlconnecte.ca\/wp-content\/uploads\/2026\/04\/MTL-connecte-2025-OFFICIEL_Printemps-numerique_7ea716cc-a182-42c4-a54e-eabc07f990a3.jpg\" data-elementor-open-lightbox=\"yes\" data-elementor-lightbox-slideshow=\"ea86ccc\" data-elementor-lightbox-title=\"MTL connecte 2025 - OFFICIEL_Printemps num\u00e9rique\" data-e-action-hash=\"#elementor-action%3Aaction%3Dlightbox%26settings%3DeyJpZCI6MzA0NzQsInVybCI6Imh0dHBzOlwvXC9tdGxjb25uZWN0ZS5jYVwvd3AtY29udGVudFwvdXBsb2Fkc1wvMjAyNlwvMDRcL01UTC1jb25uZWN0ZS0yMDI1LU9GRklDSUVMX1ByaW50ZW1wcy1udW1lcmlxdWVfN2VhNzE2Y2MtYTE4Mi00MmM0LWE1NGUtZWFiYzA3Zjk5MGEzLmpwZyIsInNsaWRlc2hvdyI6ImVhODZjY2MifQ%3D%3D\">\n\t\t\t\t\t<div class=\"e-gallery-image elementor-gallery-item__image\" data-thumbnail=\"https:\/\/mtlconnecte.ca\/wp-content\/uploads\/2026\/04\/MTL-connecte-2025-OFFICIEL_Printemps-numerique_7ea716cc-a182-42c4-a54e-eabc07f990a3-300x200.jpg\" data-width=\"300\" data-height=\"200\" aria-label=\"mtl connecte 2026 - le dome montreal\" role=\"img\" ><\/div>\n\t\t\t\t\t\t\t\t\t\t\t<div class=\"elementor-gallery-item__overlay\"><\/div>\n\t\t\t\t\t\t\t\t\t\t\t\t\t\t<\/a>\n\t\t\t\t\t\t\t<a class=\"e-gallery-item elementor-gallery-item elementor-animated-content\" href=\"https:\/\/mtlconnecte.ca\/wp-content\/uploads\/2026\/04\/MTL-connecte-2025-OFFICIEL_Printemps-numerique_80710224-8504-46d0-bd40-e6d6a3ac8620.jpg\" data-elementor-open-lightbox=\"yes\" data-elementor-lightbox-slideshow=\"ea86ccc\" data-elementor-lightbox-title=\"MTL connecte 2025 - OFFICIEL_Printemps num\u00e9rique_80710224-8504-46d0-bd40-e6d6a3ac8620\" data-e-action-hash=\"#elementor-action%3Aaction%3Dlightbox%26settings%3DeyJpZCI6MzA0NzYsInVybCI6Imh0dHBzOlwvXC9tdGxjb25uZWN0ZS5jYVwvd3AtY29udGVudFwvdXBsb2Fkc1wvMjAyNlwvMDRcL01UTC1jb25uZWN0ZS0yMDI1LU9GRklDSUVMX1ByaW50ZW1wcy1udW1lcmlxdWVfODA3MTAyMjQtODUwNC00NmQwLWJkNDAtZTZkNmEzYWM4NjIwLmpwZyIsInNsaWRlc2hvdyI6ImVhODZjY2MifQ%3D%3D\">\n\t\t\t\t\t<div class=\"e-gallery-image elementor-gallery-item__image\" data-thumbnail=\"https:\/\/mtlconnecte.ca\/wp-content\/uploads\/2026\/04\/MTL-connecte-2025-OFFICIEL_Printemps-numerique_80710224-8504-46d0-bd40-e6d6a3ac8620-300x200.jpg\" data-width=\"300\" data-height=\"200\" aria-label=\"mtl connecte - semaine num\u00e9rique\" role=\"img\" ><\/div>\n\t\t\t\t\t\t\t\t\t\t\t<div class=\"elementor-gallery-item__overlay\"><\/div>\n\t\t\t\t\t\t\t\t\t\t\t\t\t\t<\/a>\n\t\t\t\t\t\t\t<a class=\"e-gallery-item elementor-gallery-item elementor-animated-content\" href=\"https:\/\/mtlconnecte.ca\/wp-content\/uploads\/2026\/04\/MTL-connecte-2025-OFFICIEL_Printemps-numerique_1773ab92-11c2-48f9-a03b-17f640159f58-1.jpg\" data-elementor-open-lightbox=\"yes\" data-elementor-lightbox-slideshow=\"ea86ccc\" data-elementor-lightbox-title=\"MTL connecte 2025 - OFFICIEL_Printemps num\u00e9rique_1773ab92-11c2-48f9-a03b-17f640159f58 (1)\" data-e-action-hash=\"#elementor-action%3Aaction%3Dlightbox%26settings%3DeyJpZCI6MzA0NzgsInVybCI6Imh0dHBzOlwvXC9tdGxjb25uZWN0ZS5jYVwvd3AtY29udGVudFwvdXBsb2Fkc1wvMjAyNlwvMDRcL01UTC1jb25uZWN0ZS0yMDI1LU9GRklDSUVMX1ByaW50ZW1wcy1udW1lcmlxdWVfMTc3M2FiOTItMTFjMi00OGY5LWEwM2ItMTdmNjQwMTU5ZjU4LTEuanBnIiwic2xpZGVzaG93IjoiZWE4NmNjYyJ9\">\n\t\t\t\t\t<div class=\"e-gallery-image elementor-gallery-item__image\" data-thumbnail=\"https:\/\/mtlconnecte.ca\/wp-content\/uploads\/2026\/04\/MTL-connecte-2025-OFFICIEL_Printemps-numerique_1773ab92-11c2-48f9-a03b-17f640159f58-1-300x200.jpg\" data-width=\"300\" data-height=\"200\" aria-label=\"mtl connecte 2026\" role=\"img\" ><\/div>\n\t\t\t\t\t\t\t\t\t\t\t<div class=\"elementor-gallery-item__overlay\"><\/div>\n\t\t\t\t\t\t\t\t\t\t\t\t\t\t<\/a>\n\t\t\t\t\t\t\t<a class=\"e-gallery-item elementor-gallery-item elementor-animated-content\" href=\"https:\/\/mtlconnecte.ca\/wp-content\/uploads\/2026\/04\/MTL-connecte-2025-OFFICIEL_Printemps-numerique_348b3e69-e5a5-4383-8c79-638546046c2f.jpg\" data-elementor-open-lightbox=\"yes\" data-elementor-lightbox-slideshow=\"ea86ccc\" data-elementor-lightbox-title=\"MTL connecte 2025 - OFFICIEL_Printemps num\u00e9rique_348b3e69-e5a5-4383-8c79-638546046c2f\" data-e-action-hash=\"#elementor-action%3Aaction%3Dlightbox%26settings%3DeyJpZCI6MzA0ODAsInVybCI6Imh0dHBzOlwvXC9tdGxjb25uZWN0ZS5jYVwvd3AtY29udGVudFwvdXBsb2Fkc1wvMjAyNlwvMDRcL01UTC1jb25uZWN0ZS0yMDI1LU9GRklDSUVMX1ByaW50ZW1wcy1udW1lcmlxdWVfMzQ4YjNlNjktZTVhNS00MzgzLThjNzktNjM4NTQ2MDQ2YzJmLmpwZyIsInNsaWRlc2hvdyI6ImVhODZjY2MifQ%3D%3D\">\n\t\t\t\t\t<div class=\"e-gallery-image elementor-gallery-item__image\" data-thumbnail=\"https:\/\/mtlconnecte.ca\/wp-content\/uploads\/2026\/04\/MTL-connecte-2025-OFFICIEL_Printemps-numerique_348b3e69-e5a5-4383-8c79-638546046c2f-300x200.jpg\" data-width=\"300\" data-height=\"200\" aria-label=\"semaine du num\u00e9rique 2026 - mtl connecte\" role=\"img\" ><\/div>\n\t\t\t\t\t\t\t\t\t\t\t<div class=\"elementor-gallery-item__overlay\"><\/div>\n\t\t\t\t\t\t\t\t\t\t\t\t\t\t<\/a>\n\t\t\t\t\t\t\t<a class=\"e-gallery-item elementor-gallery-item elementor-animated-content\" href=\"https:\/\/mtlconnecte.ca\/wp-content\/uploads\/2026\/04\/MTL-connecte-2025-OFFICIEL_Printemps-numerique_aabeb946-7b56-42d1-9d82-ac8aa2029b0b.jpg\" data-elementor-open-lightbox=\"yes\" data-elementor-lightbox-slideshow=\"ea86ccc\" data-elementor-lightbox-title=\"MTL connecte 2025 - OFFICIEL_Printemps num\u00e9rique_aabeb946-7b56-42d1-9d82-ac8aa2029b0b\" data-e-action-hash=\"#elementor-action%3Aaction%3Dlightbox%26settings%3DeyJpZCI6MzA0ODIsInVybCI6Imh0dHBzOlwvXC9tdGxjb25uZWN0ZS5jYVwvd3AtY29udGVudFwvdXBsb2Fkc1wvMjAyNlwvMDRcL01UTC1jb25uZWN0ZS0yMDI1LU9GRklDSUVMX1ByaW50ZW1wcy1udW1lcmlxdWVfYWFiZWI5NDYtN2I1Ni00MmQxLTlkODItYWM4YWEyMDI5YjBiLmpwZyIsInNsaWRlc2hvdyI6ImVhODZjY2MifQ%3D%3D\">\n\t\t\t\t\t<div class=\"e-gallery-image elementor-gallery-item__image\" data-thumbnail=\"https:\/\/mtlconnecte.ca\/wp-content\/uploads\/2026\/04\/MTL-connecte-2025-OFFICIEL_Printemps-numerique_aabeb946-7b56-42d1-9d82-ac8aa2029b0b-300x200.jpg\" data-width=\"300\" data-height=\"200\" aria-label=\"montreal connect - semaine num\u00e9rique\" role=\"img\" ><\/div>\n\t\t\t\t\t\t\t\t\t\t\t<div class=\"elementor-gallery-item__overlay\"><\/div>\n\t\t\t\t\t\t\t\t\t\t\t\t\t\t<\/a>\n\t\t\t\t\t<\/div>\n\t\t\t<\/div>\n\t\t\t\t<\/div>\n\t\t\t\t\t<\/div>\n\t\t<\/div>\n\t\t\t\t\t<\/div>\n\t\t<\/section>\n\t\t\t\t<section class=\"elementor-section elementor-top-section elementor-element elementor-element-7fdf312 elementor-section-full_width elementor-section-height-min-height elementor-hidden-desktop elementor-hidden-tablet elementor-hidden-mobile elementor-section-height-default elementor-section-items-middle\" data-id=\"7fdf312\" data-element_type=\"section\" data-settings=\"{&quot;background_background&quot;:&quot;classic&quot;}\">\n\t\t\t\t\t\t<div class=\"elementor-container elementor-column-gap-default\">\n\t\t\t\t\t<div class=\"elementor-column elementor-col-100 elementor-top-column elementor-element elementor-element-7ed97d1\" data-id=\"7ed97d1\" data-element_type=\"column\">\n\t\t\t<div class=\"elementor-widget-wrap elementor-element-populated\">\n\t\t\t\t\t\t<section class=\"elementor-section elementor-inner-section elementor-element elementor-element-0ac2801 elementor-section-boxed elementor-section-height-default elementor-section-height-default\" data-id=\"0ac2801\" data-element_type=\"section\">\n\t\t\t\t\t\t<div class=\"elementor-container elementor-column-gap-default\">\n\t\t\t\t\t<div class=\"elementor-column elementor-col-100 elementor-inner-column elementor-element elementor-element-00fdaaa\" data-id=\"00fdaaa\" data-element_type=\"column\">\n\t\t\t<div class=\"elementor-widget-wrap elementor-element-populated\">\n\t\t\t\t\t\t<div class=\"elementor-element elementor-element-4c2a428 elementor-widget elementor-widget-heading\" data-id=\"4c2a428\" data-element_type=\"widget\" data-widget_type=\"heading.default\">\n\t\t\t\t<div class=\"elementor-widget-container\">\n\t\t\t<h2 class=\"elementor-heading-title elementor-size-default\">Visite guid\u00e9e<\/h2>\t\t<\/div>\n\t\t\t\t<\/div>\n\t\t\t\t\t<\/div>\n\t\t<\/div>\n\t\t\t\t\t<\/div>\n\t\t<\/section>\n\t\t\t\t\t<\/div>\n\t\t<\/div>\n\t\t\t\t\t<\/div>\n\t\t<\/section>\n\t\t\t\t<section class=\"elementor-section elementor-top-section elementor-element elementor-element-ea38214 elementor-section-full_width elementor-section-content-middle elementor-hidden-desktop elementor-hidden-tablet elementor-hidden-mobile elementor-section-height-default elementor-section-height-default\" data-id=\"ea38214\" data-element_type=\"section\" data-settings=\"{&quot;background_background&quot;:&quot;classic&quot;}\">\n\t\t\t\t\t\t<div class=\"elementor-container elementor-column-gap-no\">\n\t\t\t\t\t<div class=\"elementor-column elementor-col-50 elementor-top-column elementor-element elementor-element-a8a4603\" data-id=\"a8a4603\" data-element_type=\"column\" data-settings=\"{&quot;background_background&quot;:&quot;classic&quot;}\">\n\t\t\t<div class=\"elementor-widget-wrap elementor-element-populated\">\n\t\t\t\t\t<div class=\"elementor-background-overlay\"><\/div>\n\t\t\t\t\t\t<div class=\"elementor-element elementor-element-9a7fdbb elementor-widget elementor-widget-heading\" data-id=\"9a7fdbb\" data-element_type=\"widget\" data-widget_type=\"heading.default\">\n\t\t\t\t<div class=\"elementor-widget-container\">\n\t\t\t<h4 class=\"elementor-heading-title elementor-size-default\">Satosph\u00e8re<br>18h00 - 19h30<\/h4>\t\t<\/div>\n\t\t\t\t<\/div>\n\t\t\t\t\t<\/div>\n\t\t<\/div>\n\t\t\t\t<div class=\"elementor-column elementor-col-50 elementor-top-column elementor-element elementor-element-63f5cca\" data-id=\"63f5cca\" data-element_type=\"column\">\n\t\t\t<div class=\"elementor-widget-wrap elementor-element-populated\">\n\t\t\t\t\t\t<div class=\"elementor-element elementor-element-fb0cf40 elementor-widget elementor-widget-text-editor\" data-id=\"fb0cf40\" data-element_type=\"widget\" data-widget_type=\"text-editor.default\">\n\t\t\t\t<div class=\"elementor-widget-container\">\n\t\t\t\t\t\t\t<p>1\u00e8re partie<\/p>\t\t\t\t\t\t<\/div>\n\t\t\t\t<\/div>\n\t\t\t\t<div class=\"elementor-element elementor-element-df8ea28 elementor-widget elementor-widget-text-editor\" data-id=\"df8ea28\" data-element_type=\"widget\" data-widget_type=\"text-editor.default\">\n\t\t\t\t<div class=\"elementor-widget-container\">\n\t\t\t\t\t\t\t<p><b>AKOUSMA<\/b><span style=\"font-weight: 400;\"> pr\u00e9sentera des performances immersives en premi\u00e8re mondiale, dans le cadre de leur 30\u00e8me anniversaire, sp\u00e9cifiquement pour la soir\u00e9e d\u2019ouverture de MTL connecte. Venez d\u00e9couvrir les performances exclusives des artistes :<\/span><\/p>\t\t\t\t\t\t<\/div>\n\t\t\t\t<\/div>\n\t\t\t\t<div class=\"elementor-element elementor-element-06d9264 elementor-widget elementor-widget-text-editor\" data-id=\"06d9264\" data-element_type=\"widget\" data-widget_type=\"text-editor.default\">\n\t\t\t\t<div class=\"elementor-widget-container\">\n\t\t\t\t\t\t\t<p><b>Simon Chioini <\/b><b>\uff06<\/b><b> Line Katcho <\/b><b>\/<\/b><b> Guillaume Cliche <\/b><b>\/<\/b><b> Myriam Bleau <\/b><b>\/<\/b><b> Sandrine Deumier <\/b><\/p>\t\t\t\t\t\t<\/div>\n\t\t\t\t<\/div>\n\t\t\t\t\t<\/div>\n\t\t<\/div>\n\t\t\t\t\t<\/div>\n\t\t<\/section>\n\t\t\t\t<section class=\"elementor-section elementor-top-section elementor-element elementor-element-1a4cc46 elementor-section-full_width elementor-section-content-middle elementor-hidden-desktop elementor-hidden-tablet elementor-hidden-mobile elementor-section-height-default elementor-section-height-default\" data-id=\"1a4cc46\" data-element_type=\"section\" data-settings=\"{&quot;background_background&quot;:&quot;classic&quot;}\">\n\t\t\t\t\t\t<div class=\"elementor-container elementor-column-gap-no\">\n\t\t\t\t\t<div class=\"elementor-column elementor-col-50 elementor-top-column elementor-element elementor-element-8c90781\" data-id=\"8c90781\" data-element_type=\"column\" data-settings=\"{&quot;background_background&quot;:&quot;classic&quot;}\">\n\t\t\t<div class=\"elementor-widget-wrap elementor-element-populated\">\n\t\t\t\t\t<div class=\"elementor-background-overlay\"><\/div>\n\t\t\t\t\t\t<div class=\"elementor-element elementor-element-2485916 elementor-widget elementor-widget-heading\" data-id=\"2485916\" data-element_type=\"widget\" data-widget_type=\"heading.default\">\n\t\t\t\t<div class=\"elementor-widget-container\">\n\t\t\t<h4 class=\"elementor-heading-title elementor-size-default\">Espace SAT<br>20h00 - 23h30<\/h4>\t\t<\/div>\n\t\t\t\t<\/div>\n\t\t\t\t\t<\/div>\n\t\t<\/div>\n\t\t\t\t<div class=\"elementor-column elementor-col-50 elementor-top-column elementor-element elementor-element-50a421f\" data-id=\"50a421f\" data-element_type=\"column\">\n\t\t\t<div class=\"elementor-widget-wrap elementor-element-populated\">\n\t\t\t\t\t\t<div class=\"elementor-element elementor-element-689a503 elementor-widget elementor-widget-text-editor\" data-id=\"689a503\" data-element_type=\"widget\" data-widget_type=\"text-editor.default\">\n\t\t\t\t<div class=\"elementor-widget-container\">\n\t\t\t\t\t\t\t<p>2\u00e8me partie<\/p>\t\t\t\t\t\t<\/div>\n\t\t\t\t<\/div>\n\t\t\t\t<div class=\"elementor-element elementor-element-6a1dd2a elementor-widget elementor-widget-text-editor\" data-id=\"6a1dd2a\" data-element_type=\"widget\" data-widget_type=\"text-editor.default\">\n\t\t\t\t<div class=\"elementor-widget-container\">\n\t\t\t\t\t\t\t<p>Le Printemps num\u00e9rique pr\u00e9sentera une performance audiovisuelle par le collectif montr\u00e9alais susy.technology<\/p>\n<p>En collaboration avec St\u00e9r\u00e9olux (FR), nous vous invitons \u00e0 embarquer dans un parcours rythmique \u00e0 travers 3 performances live et des DJ set par des artistes fran\u00e7ais :<\/p>\t\t\t\t\t\t<\/div>\n\t\t\t\t<\/div>\n\t\t\t\t<div class=\"elementor-element elementor-element-a4b7ad4 elementor-widget elementor-widget-text-editor\" data-id=\"a4b7ad4\" data-element_type=\"widget\" data-widget_type=\"text-editor.default\">\n\t\t\t\t<div class=\"elementor-widget-container\">\n\t\t\t\t\t\t\t<p><b>Alex Augier \/ Maud Geffray \/ Louisahhh B2B Maelstrom<\/b><\/p>\t\t\t\t\t\t<\/div>\n\t\t\t\t<\/div>\n\t\t\t\t\t<\/div>\n\t\t<\/div>\n\t\t\t\t\t<\/div>\n\t\t<\/section>\n\t\t\t\t<section class=\"elementor-section elementor-top-section elementor-element elementor-element-8f3a382 elementor-section-full_width elementor-section-height-min-height elementor-hidden-desktop elementor-hidden-tablet elementor-hidden-mobile elementor-section-height-default elementor-section-items-middle\" data-id=\"8f3a382\" data-element_type=\"section\" data-settings=\"{&quot;background_background&quot;:&quot;classic&quot;}\">\n\t\t\t\t\t\t<div class=\"elementor-container elementor-column-gap-default\">\n\t\t\t\t\t<div class=\"elementor-column elementor-col-100 elementor-top-column elementor-element elementor-element-63bb95d\" data-id=\"63bb95d\" data-element_type=\"column\">\n\t\t\t<div class=\"elementor-widget-wrap elementor-element-populated\">\n\t\t\t\t\t\t<section class=\"elementor-section elementor-inner-section elementor-element elementor-element-a0accc9 elementor-section-boxed elementor-section-height-default elementor-section-height-default\" data-id=\"a0accc9\" data-element_type=\"section\">\n\t\t\t\t\t\t<div class=\"elementor-container elementor-column-gap-default\">\n\t\t\t\t\t<div class=\"elementor-column elementor-col-100 elementor-inner-column elementor-element elementor-element-2488b9c\" data-id=\"2488b9c\" data-element_type=\"column\">\n\t\t\t<div class=\"elementor-widget-wrap elementor-element-populated\">\n\t\t\t\t\t\t<div class=\"elementor-element elementor-element-3a27e57 elementor-widget elementor-widget-heading\" data-id=\"3a27e57\" data-element_type=\"widget\" data-widget_type=\"heading.default\">\n\t\t\t\t<div class=\"elementor-widget-container\">\n\t\t\t<h2 class=\"elementor-heading-title elementor-size-default\">Visites techno-culturelle<\/h2>\t\t<\/div>\n\t\t\t\t<\/div>\n\t\t\t\t\t<\/div>\n\t\t<\/div>\n\t\t\t\t\t<\/div>\n\t\t<\/section>\n\t\t\t\t\t<\/div>\n\t\t<\/div>\n\t\t\t\t\t<\/div>\n\t\t<\/section>\n\t\t\t\t<section class=\"elementor-section elementor-top-section elementor-element elementor-element-a052315 elementor-section-content-middle elementor-reverse-mobile elementor-section-height-min-height elementor-hidden-desktop elementor-hidden-tablet elementor-hidden-mobile elementor-section-boxed elementor-section-height-default elementor-section-items-middle\" data-id=\"a052315\" data-element_type=\"section\" data-settings=\"{&quot;background_background&quot;:&quot;classic&quot;}\">\n\t\t\t\t\t\t\t<div class=\"elementor-background-overlay\"><\/div>\n\t\t\t\t\t\t\t<div class=\"elementor-container elementor-column-gap-default\">\n\t\t\t\t\t<div class=\"elementor-column elementor-col-100 elementor-top-column elementor-element elementor-element-0888d07\" data-id=\"0888d07\" data-element_type=\"column\">\n\t\t\t<div class=\"elementor-widget-wrap elementor-element-populated\">\n\t\t\t\t\t\t<section class=\"elementor-section elementor-inner-section elementor-element elementor-element-1e07096 elementor-section-boxed elementor-section-height-default elementor-section-height-default\" data-id=\"1e07096\" data-element_type=\"section\">\n\t\t\t\t\t\t<div class=\"elementor-container elementor-column-gap-default\">\n\t\t\t\t\t<div class=\"elementor-column elementor-col-50 elementor-inner-column elementor-element elementor-element-401106a\" data-id=\"401106a\" data-element_type=\"column\">\n\t\t\t<div class=\"elementor-widget-wrap elementor-element-populated\">\n\t\t\t\t\t\t\t<\/div>\n\t\t<\/div>\n\t\t\t\t<div class=\"elementor-column elementor-col-50 elementor-inner-column elementor-element elementor-element-0f94a41\" data-id=\"0f94a41\" data-element_type=\"column\">\n\t\t\t<div class=\"elementor-widget-wrap elementor-element-populated\">\n\t\t\t\t\t\t<div class=\"elementor-element elementor-element-260a2ed elementor-widget elementor-widget-heading\" data-id=\"260a2ed\" data-element_type=\"widget\" data-widget_type=\"heading.default\">\n\t\t\t\t<div class=\"elementor-widget-container\">\n\t\t\t<h3 class=\"elementor-heading-title elementor-size-default\">\u00c0 travers ces activit\u00e9s, le Printemps num\u00e9rique vise \u00e0 promouvoir les institutions culturelles et cr\u00e9atives de la m\u00e9tropole, tant sur le plan local qu'international. Pour la cinqui\u00e8me ann\u00e9e cons\u00e9cutive des visites techno-culturelles ont lieu dans le cadre de MTL connecte.<\/h3>\t\t<\/div>\n\t\t\t\t<\/div>\n\t\t\t\t\t<\/div>\n\t\t<\/div>\n\t\t\t\t\t<\/div>\n\t\t<\/section>\n\t\t\t\t<section class=\"elementor-section elementor-inner-section elementor-element elementor-element-d5b1731 elementor-section-boxed elementor-section-height-default elementor-section-height-default\" data-id=\"d5b1731\" data-element_type=\"section\">\n\t\t\t\t\t\t<div class=\"elementor-container elementor-column-gap-default\">\n\t\t\t\t\t<div class=\"elementor-column elementor-col-50 elementor-inner-column elementor-element elementor-element-dfc1a43\" data-id=\"dfc1a43\" data-element_type=\"column\">\n\t\t\t<div class=\"elementor-widget-wrap elementor-element-populated\">\n\t\t\t\t\t\t<div class=\"elementor-element elementor-element-53b8d2b elementor-widget elementor-widget-heading\" data-id=\"53b8d2b\" data-element_type=\"widget\" data-widget_type=\"heading.default\">\n\t\t\t\t<div class=\"elementor-widget-container\">\n\t\t\t<h2 class=\"elementor-heading-title elementor-size-default\">Conf\u00e9renciers <br>keynote <\/h2>\t\t<\/div>\n\t\t\t\t<\/div>\n\t\t\t\t\t<\/div>\n\t\t<\/div>\n\t\t\t\t<div class=\"elementor-column elementor-col-50 elementor-inner-column elementor-element elementor-element-c314f29\" data-id=\"c314f29\" data-element_type=\"column\">\n\t\t\t<div class=\"elementor-widget-wrap elementor-element-populated\">\n\t\t\t\t\t\t<div class=\"elementor-element elementor-element-b9e7665 elementor-align-left elementor-icon-list--layout-traditional elementor-list-item-link-full_width elementor-widget elementor-widget-icon-list\" data-id=\"b9e7665\" data-element_type=\"widget\" data-widget_type=\"icon-list.default\">\n\t\t\t\t<div class=\"elementor-widget-container\">\n\t\t\t\t\t<ul class=\"elementor-icon-list-items\">\n\t\t\t\t\t\t\t<li class=\"elementor-icon-list-item\">\n\t\t\t\t\t\t\t\t\t\t\t<span class=\"elementor-icon-list-icon\">\n\t\t\t\t\t\t\t<i aria-hidden=\"true\" class=\"fas fa-caret-right\"><\/i>\t\t\t\t\t\t<\/span>\n\t\t\t\t\t\t\t\t\t\t<span class=\"elementor-icon-list-text\">12 octobre, 10h<br>Omar Kholeif (Sharjah Art Foundation, Gouvernement de Sharjah, UAE)<\/span>\n\t\t\t\t\t\t\t\t\t<\/li>\n\t\t\t\t\t\t\t\t<li class=\"elementor-icon-list-item\">\n\t\t\t\t\t\t\t\t\t\t\t<span class=\"elementor-icon-list-icon\">\n\t\t\t\t\t\t\t<i aria-hidden=\"true\" class=\"fas fa-caret-right\"><\/i>\t\t\t\t\t\t<\/span>\n\t\t\t\t\t\t\t\t\t\t<span class=\"elementor-icon-list-text\">14 octobre, 12h <br> Alison Powell (London School of Economics and Political Science; Directrice de JUST AI Network at Ada Lovelace Institute)<\/span>\n\t\t\t\t\t\t\t\t\t<\/li>\n\t\t\t\t\t\t\t\t<li class=\"elementor-icon-list-item\">\n\t\t\t\t\t\t\t\t\t\t\t<span class=\"elementor-icon-list-icon\">\n\t\t\t\t\t\t\t<i aria-hidden=\"true\" class=\"fas fa-caret-right\"><\/i>\t\t\t\t\t\t<\/span>\n\t\t\t\t\t\t\t\t\t\t<span class=\"elementor-icon-list-text\">15 octobre, 2h20<br>Christl Baur (Direction d\u2019Ars Electronica Festival)<\/span>\n\t\t\t\t\t\t\t\t\t<\/li>\n\t\t\t\t\t\t\t\t<li class=\"elementor-icon-list-item\">\n\t\t\t\t\t\t\t\t\t\t\t<span class=\"elementor-icon-list-icon\">\n\t\t\t\t\t\t\t<i aria-hidden=\"true\" class=\"fas fa-caret-right\"><\/i>\t\t\t\t\t\t<\/span>\n\t\t\t\t\t\t\t\t\t\t<span class=\"elementor-icon-list-text\"> 15 octobre, 14h15<br>Panel: \u201cThe Future of the \"Emerging\" Art Scene in Montreal in a Post-Pandemic Context\u201d<\/span>\n\t\t\t\t\t\t\t\t\t<\/li>\n\t\t\t\t\t\t\t\t<li class=\"elementor-icon-list-item\">\n\t\t\t\t\t\t\t\t\t\t\t<span class=\"elementor-icon-list-icon\">\n\t\t\t\t\t\t\t<i aria-hidden=\"true\" class=\"fas fa-caret-right\"><\/i>\t\t\t\t\t\t<\/span>\n\t\t\t\t\t\t\t\t\t\t<span class=\"elementor-icon-list-text\">Artistes: Frances Adair Mckenzie et Alisha Piercy \/ Rojin Shafiei \/ Timothy Thomasson  Moderateur: Cian Walsh<\/span>\n\t\t\t\t\t\t\t\t\t<\/li>\n\t\t\t\t\t\t<\/ul>\n\t\t\t\t<\/div>\n\t\t\t\t<\/div>\n\t\t\t\t\t<\/div>\n\t\t<\/div>\n\t\t\t\t\t<\/div>\n\t\t<\/section>\n\t\t\t\t<section class=\"elementor-section elementor-inner-section elementor-element elementor-element-b000b94 elementor-section-boxed elementor-section-height-default elementor-section-height-default\" data-id=\"b000b94\" data-element_type=\"section\">\n\t\t\t\t\t\t<div class=\"elementor-container elementor-column-gap-default\">\n\t\t\t\t\t<div class=\"elementor-column elementor-col-50 elementor-inner-column elementor-element elementor-element-69ee94b\" data-id=\"69ee94b\" data-element_type=\"column\">\n\t\t\t<div class=\"elementor-widget-wrap elementor-element-populated\">\n\t\t\t\t\t\t<div class=\"elementor-element elementor-element-1ce0cd8 elementor-widget elementor-widget-heading\" data-id=\"1ce0cd8\" data-element_type=\"widget\" data-widget_type=\"heading.default\">\n\t\t\t\t<div class=\"elementor-widget-container\">\n\t\t\t<h2 class=\"elementor-heading-title elementor-size-default\">D\u00e9l\u00e9gation<br>internationale<\/h2>\t\t<\/div>\n\t\t\t\t<\/div>\n\t\t\t\t\t<\/div>\n\t\t<\/div>\n\t\t\t\t<div class=\"elementor-column elementor-col-50 elementor-inner-column elementor-element elementor-element-6b2a3e3\" data-id=\"6b2a3e3\" data-element_type=\"column\">\n\t\t\t<div class=\"elementor-widget-wrap elementor-element-populated\">\n\t\t\t\t\t\t<div class=\"elementor-element elementor-element-05bfcce elementor-align-left elementor-icon-list--layout-traditional elementor-list-item-link-full_width elementor-widget elementor-widget-icon-list\" data-id=\"05bfcce\" data-element_type=\"widget\" data-widget_type=\"icon-list.default\">\n\t\t\t\t<div class=\"elementor-widget-container\">\n\t\t\t\t\t<ul class=\"elementor-icon-list-items\">\n\t\t\t\t\t\t\t<li class=\"elementor-icon-list-item\">\n\t\t\t\t\t\t\t\t\t\t\t<span class=\"elementor-icon-list-icon\">\n\t\t\t\t\t\t\t<i aria-hidden=\"true\" class=\"fas fa-caret-right\"><\/i>\t\t\t\t\t\t<\/span>\n\t\t\t\t\t\t\t\t\t\t<span class=\"elementor-icon-list-text\">3 ateliers sur invitation dans un format exp\u00e9rimental de \u201cspeed-dating\u201d<\/span>\n\t\t\t\t\t\t\t\t\t<\/li>\n\t\t\t\t\t\t\t\t<li class=\"elementor-icon-list-item\">\n\t\t\t\t\t\t\t\t\t\t\t<span class=\"elementor-icon-list-icon\">\n\t\t\t\t\t\t\t<i aria-hidden=\"true\" class=\"fas fa-caret-right\"><\/i>\t\t\t\t\t\t<\/span>\n\t\t\t\t\t\t\t\t\t\t<span class=\"elementor-icon-list-text\">Invit\u00e9s internationaux : Ars Electronica, FILE festival et le Whitney Museum<\/span>\n\t\t\t\t\t\t\t\t\t<\/li>\n\t\t\t\t\t\t<\/ul>\n\t\t\t\t<\/div>\n\t\t\t\t<\/div>\n\t\t\t\t\t<\/div>\n\t\t<\/div>\n\t\t\t\t\t<\/div>\n\t\t<\/section>\n\t\t\t\t\t<\/div>\n\t\t<\/div>\n\t\t\t\t\t<\/div>\n\t\t<\/section>\n\t\t\t\t<section class=\"elementor-section elementor-top-section elementor-element elementor-element-094f8ed elementor-section-full_width elementor-section-content-middle elementor-hidden-desktop elementor-hidden-tablet elementor-hidden-mobile elementor-section-height-default elementor-section-height-default\" data-id=\"094f8ed\" data-element_type=\"section\" data-settings=\"{&quot;background_background&quot;:&quot;classic&quot;}\">\n\t\t\t\t\t\t<div class=\"elementor-container elementor-column-gap-no\">\n\t\t\t\t\t<div class=\"elementor-column elementor-col-50 elementor-top-column elementor-element elementor-element-fda6488\" data-id=\"fda6488\" data-element_type=\"column\" data-settings=\"{&quot;background_background&quot;:&quot;classic&quot;}\">\n\t\t\t<div class=\"elementor-widget-wrap elementor-element-populated\">\n\t\t\t\t\t<div class=\"elementor-background-overlay\"><\/div>\n\t\t\t\t\t\t<div class=\"elementor-element elementor-element-20a1efa elementor-widget elementor-widget-heading\" data-id=\"20a1efa\" data-element_type=\"widget\" data-widget_type=\"heading.default\">\n\t\t\t\t<div class=\"elementor-widget-container\">\n\t\t\t<h4 class=\"elementor-heading-title elementor-size-default\">Exposition interaction<\/h4>\t\t<\/div>\n\t\t\t\t<\/div>\n\t\t\t\t\t<\/div>\n\t\t<\/div>\n\t\t\t\t<div class=\"elementor-column elementor-col-50 elementor-top-column elementor-element elementor-element-6efa736\" data-id=\"6efa736\" data-element_type=\"column\">\n\t\t\t<div class=\"elementor-widget-wrap elementor-element-populated\">\n\t\t\t\t\t\t<div class=\"elementor-element elementor-element-1b6c62a elementor-widget elementor-widget-text-editor\" data-id=\"1b6c62a\" data-element_type=\"widget\" data-widget_type=\"text-editor.default\">\n\t\t\t\t<div class=\"elementor-widget-container\">\n\t\t\t\t\t\t\t<p>En partenariat avec l&#8217;Universit\u00e9 de Concordia<\/p>\t\t\t\t\t\t<\/div>\n\t\t\t\t<\/div>\n\t\t\t\t<div class=\"elementor-element elementor-element-1d7004d elementor-widget elementor-widget-text-editor\" data-id=\"1d7004d\" data-element_type=\"widget\" data-widget_type=\"text-editor.default\">\n\t\t\t\t<div class=\"elementor-widget-container\">\n\t\t\t\t\t\t\t<p><span style=\"font-weight: 400;\">Un programme hybride avec panels, ateliers et performances en ligne pr\u00e9sent\u00e9 en collaboration avec Milieux, Institut des arts, Culture et Technologie, 4th space, ainsi que d\u2019autres chercheurs et p\u00f4les de recherche \u00e0 l\u2019universit\u00e9 de Concordia. <\/span><\/p>\t\t\t\t\t\t<\/div>\n\t\t\t\t<\/div>\n\t\t\t\t<div class=\"elementor-element elementor-element-eab40fd elementor-widget elementor-widget-text-editor\" data-id=\"eab40fd\" data-element_type=\"widget\" data-widget_type=\"text-editor.default\">\n\t\t\t\t<div class=\"elementor-widget-container\">\n\t\t\t\t\t\t\t<p><span style=\"font-weight: 400;\">Artistes et chercheurs : Courtney Asztalos \/ Amber Berson \/ Rebeca Dziedzic \/ Roger Griffith \/ Alice Isac \/ Kelly Jazvac \/ Ann-Louise Davidson \/ Jill Didur \/ Stefanie Duguay \/ Marco Luna \/ Nadia Naffi \/ Mazdak Nik-Bakht \/ Alison Powell \/ Mohamed Ouf \/ Zachary Patterson \/ Sherry Phillips et Lorena Rios Mendoza \/ Tanja Tajmel \/ Sarah Turner <\/span><\/p>\t\t\t\t\t\t<\/div>\n\t\t\t\t<\/div>\n\t\t\t\t\t<\/div>\n\t\t<\/div>\n\t\t\t\t\t<\/div>\n\t\t<\/section>\n\t\t\t\t<section class=\"elementor-section elementor-top-section elementor-element elementor-element-6f06d82 elementor-section-content-middle elementor-reverse-mobile elementor-section-height-min-height elementor-hidden-desktop elementor-hidden-tablet elementor-hidden-mobile elementor-section-boxed elementor-section-height-default elementor-section-items-middle\" data-id=\"6f06d82\" data-element_type=\"section\" data-settings=\"{&quot;background_background&quot;:&quot;classic&quot;}\">\n\t\t\t\t\t\t\t<div class=\"elementor-background-overlay\"><\/div>\n\t\t\t\t\t\t\t<div class=\"elementor-container elementor-column-gap-default\">\n\t\t\t\t\t<div class=\"elementor-column elementor-col-100 elementor-top-column elementor-element elementor-element-81305e5\" data-id=\"81305e5\" data-element_type=\"column\">\n\t\t\t<div class=\"elementor-widget-wrap elementor-element-populated\">\n\t\t\t\t\t\t<section class=\"elementor-section elementor-inner-section elementor-element elementor-element-b99650d elementor-section-boxed elementor-section-height-default elementor-section-height-default\" data-id=\"b99650d\" data-element_type=\"section\">\n\t\t\t\t\t\t<div class=\"elementor-container elementor-column-gap-default\">\n\t\t\t\t\t<div class=\"elementor-column elementor-col-50 elementor-inner-column elementor-element elementor-element-a293cb6\" data-id=\"a293cb6\" data-element_type=\"column\">\n\t\t\t<div class=\"elementor-widget-wrap elementor-element-populated\">\n\t\t\t\t\t\t<div class=\"elementor-element elementor-element-61a0cef elementor-widget elementor-widget-heading\" data-id=\"61a0cef\" data-element_type=\"widget\" data-widget_type=\"heading.default\">\n\t\t\t\t<div class=\"elementor-widget-container\">\n\t\t\t<h2 class=\"elementor-heading-title elementor-size-default\">3 performances <br>en ligne<\/h2>\t\t<\/div>\n\t\t\t\t<\/div>\n\t\t\t\t\t<\/div>\n\t\t<\/div>\n\t\t\t\t<div class=\"elementor-column elementor-col-50 elementor-inner-column elementor-element elementor-element-dcf9d83\" data-id=\"dcf9d83\" data-element_type=\"column\">\n\t\t\t<div class=\"elementor-widget-wrap elementor-element-populated\">\n\t\t\t\t\t\t<div class=\"elementor-element elementor-element-5e8503c elementor-align-left elementor-icon-list--layout-traditional elementor-list-item-link-full_width elementor-widget elementor-widget-icon-list\" data-id=\"5e8503c\" data-element_type=\"widget\" data-widget_type=\"icon-list.default\">\n\t\t\t\t<div class=\"elementor-widget-container\">\n\t\t\t\t\t<ul class=\"elementor-icon-list-items\">\n\t\t\t\t\t\t\t<li class=\"elementor-icon-list-item\">\n\t\t\t\t\t\t\t\t\t\t\t<span class=\"elementor-icon-list-icon\">\n\t\t\t\t\t\t\t<i aria-hidden=\"true\" class=\"fas fa-caret-right\"><\/i>\t\t\t\t\t\t<\/span>\n\t\t\t\t\t\t\t\t\t\t<span class=\"elementor-icon-list-text\">13 octobre, 10h<br>Une performance de codage en direct et en r\u00e9seau par #supercontinent ensemble en collaboration avec Celeste Betancur \/ Jessica Rodriguez \/ Abinhay Khoparzi \/ Melandri Laubscher Mynah Marie \/ Chiho Oka \/ Shelly Knotts \/ Eldad Tsabary<\/span>\n\t\t\t\t\t\t\t\t\t<\/li>\n\t\t\t\t\t\t\t\t<li class=\"elementor-icon-list-item\">\n\t\t\t\t\t\t\t\t\t\t\t<span class=\"elementor-icon-list-icon\">\n\t\t\t\t\t\t\t<i aria-hidden=\"true\" class=\"fas fa-caret-right\"><\/i>\t\t\t\t\t\t<\/span>\n\t\t\t\t\t\t\t\t\t\t<span class=\"elementor-icon-list-text\">14 octobre, 17h<br>Une projection de Personal Pandemic, et un mini-op\u00e9ra num\u00e9rique par RISE project (2021) en collaboration avec Fredericka Petit-Homme \/ Marie-Annick B\u00e9liveau \/ Na\u00efka Champagne \/ Tim Brady \/ John Sobol \/ Olivia McGilChrist \/ Ayam Yaldo \/ Deanna Yerichuk \/ Cynthia Kinnunen \/ Alana Devito \/ Elena Stoodley \/ Eldad Tsabary<\/span>\n\t\t\t\t\t\t\t\t\t<\/li>\n\t\t\t\t\t\t\t\t<li class=\"elementor-icon-list-item\">\n\t\t\t\t\t\t\t\t\t\t\t<span class=\"elementor-icon-list-icon\">\n\t\t\t\t\t\t\t<i aria-hidden=\"true\" class=\"fas fa-caret-right\"><\/i>\t\t\t\t\t\t<\/span>\n\t\t\t\t\t\t\t\t\t\t<span class=\"elementor-icon-list-text\">16 octobre, 17h<br>Une improvisation collective t\u00e9l\u00e9matique par Concordia Laptop Orchestra (CLOrk) en collobaration avec Alana DeVito \/ Pablo Geeraert \/ Xi Lu \/ Pat McMaster \/ Mario Verlarde \/ Dorian Bell \/ Eldad Tsabary<\/span>\n\t\t\t\t\t\t\t\t\t<\/li>\n\t\t\t\t\t\t<\/ul>\n\t\t\t\t<\/div>\n\t\t\t\t<\/div>\n\t\t\t\t\t<\/div>\n\t\t<\/div>\n\t\t\t\t\t<\/div>\n\t\t<\/section>\n\t\t\t\t\t<\/div>\n\t\t<\/div>\n\t\t\t\t\t<\/div>\n\t\t<\/section>\n\t\t\t\t<section class=\"elementor-section elementor-top-section elementor-element elementor-element-6a45688 elementor-section-full_width elementor-section-height-min-height elementor-hidden-desktop elementor-hidden-tablet elementor-hidden-mobile elementor-section-height-default elementor-section-items-middle\" data-id=\"6a45688\" data-element_type=\"section\" data-settings=\"{&quot;background_background&quot;:&quot;classic&quot;}\">\n\t\t\t\t\t\t<div class=\"elementor-container elementor-column-gap-default\">\n\t\t\t\t\t<div class=\"elementor-column elementor-col-100 elementor-top-column elementor-element elementor-element-06b315f\" data-id=\"06b315f\" data-element_type=\"column\">\n\t\t\t<div class=\"elementor-widget-wrap elementor-element-populated\">\n\t\t\t\t\t\t<section class=\"elementor-section elementor-inner-section elementor-element elementor-element-1a86c4e elementor-section-boxed elementor-section-height-default elementor-section-height-default\" data-id=\"1a86c4e\" data-element_type=\"section\">\n\t\t\t\t\t\t<div class=\"elementor-container elementor-column-gap-default\">\n\t\t\t\t\t<div class=\"elementor-column elementor-col-100 elementor-inner-column elementor-element elementor-element-9125011\" data-id=\"9125011\" data-element_type=\"column\">\n\t\t\t<div class=\"elementor-widget-wrap elementor-element-populated\">\n\t\t\t\t\t\t<div class=\"elementor-element elementor-element-0ce0b10 elementor-widget elementor-widget-heading\" data-id=\"0ce0b10\" data-element_type=\"widget\" data-widget_type=\"heading.default\">\n\t\t\t\t<div class=\"elementor-widget-container\">\n\t\t\t<h2 class=\"elementor-heading-title elementor-size-default\">Video \/\/ Play<\/h2>\t\t<\/div>\n\t\t\t\t<\/div>\n\t\t\t\t\t<\/div>\n\t\t<\/div>\n\t\t\t\t\t<\/div>\n\t\t<\/section>\n\t\t\t\t\t<\/div>\n\t\t<\/div>\n\t\t\t\t\t<\/div>\n\t\t<\/section>\n\t\t\t\t<section class=\"elementor-section elementor-top-section elementor-element elementor-element-14c81f3 elementor-section-full_width elementor-section-content-middle elementor-hidden-desktop elementor-hidden-tablet elementor-hidden-mobile elementor-section-height-default elementor-section-height-default\" data-id=\"14c81f3\" data-element_type=\"section\" data-settings=\"{&quot;background_background&quot;:&quot;classic&quot;}\">\n\t\t\t\t\t\t<div class=\"elementor-container elementor-column-gap-no\">\n\t\t\t\t\t<div class=\"elementor-column elementor-col-50 elementor-top-column elementor-element elementor-element-b2ee527\" data-id=\"b2ee527\" data-element_type=\"column\" data-settings=\"{&quot;background_background&quot;:&quot;classic&quot;}\">\n\t\t\t<div class=\"elementor-widget-wrap elementor-element-populated\">\n\t\t\t\t\t<div class=\"elementor-background-overlay\"><\/div>\n\t\t\t\t\t\t<div class=\"elementor-element elementor-element-1d76ef7 elementor-widget elementor-widget-heading\" data-id=\"1d76ef7\" data-element_type=\"widget\" data-widget_type=\"heading.default\">\n\t\t\t\t<div class=\"elementor-widget-container\">\n\t\t\t<h4 class=\"elementor-heading-title elementor-size-default\">Programme<br>itin\u00e9rant<\/h4>\t\t<\/div>\n\t\t\t\t<\/div>\n\t\t\t\t\t<\/div>\n\t\t<\/div>\n\t\t\t\t<div class=\"elementor-column elementor-col-50 elementor-top-column elementor-element elementor-element-58af77e\" data-id=\"58af77e\" data-element_type=\"column\">\n\t\t\t<div class=\"elementor-widget-wrap elementor-element-populated\">\n\t\t\t\t\t\t<div class=\"elementor-element elementor-element-5a47e03 elementor-widget elementor-widget-text-editor\" data-id=\"5a47e03\" data-element_type=\"widget\" data-widget_type=\"text-editor.default\">\n\t\t\t\t<div class=\"elementor-widget-container\">\n\t\t\t\t\t\t\t<p>Du 12 au 17 octobre<\/p>\t\t\t\t\t\t<\/div>\n\t\t\t\t<\/div>\n\t\t\t\t<div class=\"elementor-element elementor-element-920dc12 elementor-widget elementor-widget-text-editor\" data-id=\"920dc12\" data-element_type=\"widget\" data-widget_type=\"text-editor.default\">\n\t\t\t\t<div class=\"elementor-widget-container\">\n\t\t\t\t\t\t\tLe Printemps num\u00e9rique de Bruxelles et Le Printemps num\u00e9rique de Montr\u00e9al pr\u00e9senteront un programme vid\u00e9o itin\u00e9rant, destin\u00e9 \u00e0 atteindre une large audience, tout en prenant compte de l&#8217;accessibilit\u00e9 et des mesures de s\u00e9curit\u00e9 dans un contexte de pand\u00e9mie.\n\nDu 12 au 17 octobre 2021, deux camions \u00e9quip\u00e9s de grands \u00e9crans LED circuleront dans ces deux villes, exposant ainsi les \u0153uvres de 12 artistes belges et canadiens.\n\t\t\t\t\t\t<\/div>\n\t\t\t\t<\/div>\n\t\t\t\t<div class=\"elementor-element elementor-element-58a2372 elementor-widget elementor-widget-text-editor\" data-id=\"58a2372\" data-element_type=\"widget\" data-widget_type=\"text-editor.default\">\n\t\t\t\t<div class=\"elementor-widget-container\">\n\t\t\t\t\t\t\t<p><span style=\"font-weight: 400;\">Artistes:<\/span> <b>Laura Acosta &amp; Santiago Tavera \/<\/b> <b>Pascale Barret \/ Frederik De Wilde \/ Milena Desse \/ LarbitsSisters \/ Eva L\u2019Hoest \/ Frances Adair Mckenzie et Alisha Piercy \/ Rojin Shafiei \/ Camille Turner \/ Sarah Wendt et Pascal Dufaux<\/b><\/p>\t\t\t\t\t\t<\/div>\n\t\t\t\t<\/div>\n\t\t\t\t<div class=\"elementor-element elementor-element-90b4507 elementor-widget elementor-widget-text-editor\" data-id=\"90b4507\" data-element_type=\"widget\" data-widget_type=\"text-editor.default\">\n\t\t\t\t<div class=\"elementor-widget-container\">\n\t\t\t\t\t\t\t<p>Version Live \u00e0 Bruxelles<\/p>\t\t\t\t\t\t<\/div>\n\t\t\t\t<\/div>\n\t\t\t\t<div class=\"elementor-element elementor-element-e87ca8d elementor-widget elementor-widget-text-editor\" data-id=\"e87ca8d\" data-element_type=\"widget\" data-widget_type=\"text-editor.default\">\n\t\t\t\t<div class=\"elementor-widget-container\">\n\t\t\t\t\t\t\t14 octobre, Expo &#8211; Palais 11, Bruxelles, Belgique\nEn collaboration avec Le Printemps num\u00e9rique de Bruxelles : deux collectifs, ALEA(s) de Bruxelles et susy.technology de Montr\u00e9al vont cr\u00e9er deux performances audiovisuelles qui seront pr\u00e9sent\u00e9es pour la premi\u00e8re fois \u00e0 Bruxelles.\n\t\t\t\t\t\t<\/div>\n\t\t\t\t<\/div>\n\t\t\t\t\t<\/div>\n\t\t<\/div>\n\t\t\t\t\t<\/div>\n\t\t<\/section>\n\t\t\t\t<section class=\"elementor-section elementor-top-section elementor-element elementor-element-4caaf77 elementor-section-content-middle elementor-reverse-mobile elementor-section-height-min-height elementor-hidden-desktop elementor-hidden-tablet elementor-hidden-mobile elementor-section-boxed elementor-section-height-default elementor-section-items-middle\" data-id=\"4caaf77\" data-element_type=\"section\" data-settings=\"{&quot;background_background&quot;:&quot;classic&quot;}\">\n\t\t\t\t\t\t\t<div class=\"elementor-background-overlay\"><\/div>\n\t\t\t\t\t\t\t<div class=\"elementor-container elementor-column-gap-no\">\n\t\t\t\t\t<div class=\"elementor-column elementor-col-100 elementor-top-column elementor-element elementor-element-bd9644c\" data-id=\"bd9644c\" data-element_type=\"column\">\n\t\t\t<div class=\"elementor-widget-wrap elementor-element-populated\">\n\t\t\t\t\t\t<section class=\"elementor-section elementor-inner-section elementor-element elementor-element-1e0747d elementor-section-boxed elementor-section-height-default elementor-section-height-default\" data-id=\"1e0747d\" data-element_type=\"section\">\n\t\t\t\t\t\t<div class=\"elementor-container elementor-column-gap-default\">\n\t\t\t\t\t<div class=\"elementor-column elementor-col-100 elementor-inner-column elementor-element elementor-element-832b875\" data-id=\"832b875\" data-element_type=\"column\">\n\t\t\t<div class=\"elementor-widget-wrap elementor-element-populated\">\n\t\t\t\t\t\t<div class=\"elementor-element elementor-element-99e5a97 elementor-widget elementor-widget-image-carousel\" data-id=\"99e5a97\" data-element_type=\"widget\" data-settings=\"{&quot;slides_to_show&quot;:&quot;6&quot;,&quot;navigation&quot;:&quot;none&quot;,&quot;autoplay&quot;:&quot;no&quot;,&quot;infinite&quot;:&quot;no&quot;,&quot;speed&quot;:500}\" data-widget_type=\"image-carousel.default\">\n\t\t\t\t<div class=\"elementor-widget-container\">\n\t\t\t\t\t<div class=\"elementor-image-carousel-wrapper swiper\" dir=\"ltr\">\n\t\t\t<div class=\"elementor-image-carousel swiper-wrapper\" aria-live=\"polite\">\n\t\t\t\t\t\t\t\t<div class=\"swiper-slide\" role=\"group\" aria-roledescription=\"slide\" aria-label=\"1 of 6\"><figure class=\"swiper-slide-inner\"><img decoding=\"async\" class=\"swiper-slide-image\" src=\"https:\/\/mtlconnecte.ca\/wp-content\/uploads\/2021\/08\/SynapseC-300x300.png\" alt=\"SynapseC\" \/><\/figure><\/div><div class=\"swiper-slide\" role=\"group\" aria-roledescription=\"slide\" aria-label=\"2 of 6\"><figure class=\"swiper-slide-inner\"><img decoding=\"async\" class=\"swiper-slide-image\" src=\"https:\/\/mtlconnecte.ca\/wp-content\/uploads\/2021\/02\/MTL-Connect-Partners-2-300x300.png\" alt=\"MTL-Connect-Partners-2\" \/><\/figure><\/div><div class=\"swiper-slide\" role=\"group\" aria-roledescription=\"slide\" aria-label=\"3 of 6\"><figure class=\"swiper-slide-inner\"><img decoding=\"async\" class=\"swiper-slide-image\" src=\"https:\/\/mtlconnecte.ca\/wp-content\/uploads\/2021\/05\/MTL-Connect-Consulat-France-300x300.png\" alt=\"MTL-Connect-Consulat-France\" \/><\/figure><\/div><div class=\"swiper-slide\" role=\"group\" aria-roledescription=\"slide\" aria-label=\"4 of 6\"><figure class=\"swiper-slide-inner\"><img decoding=\"async\" class=\"swiper-slide-image\" src=\"https:\/\/mtlconnecte.ca\/wp-content\/uploads\/2021\/05\/MTL-Connect-Conseil-des-Arts-e1714056984871-300x300.png\" alt=\"MTL-Connect-Conseil-des-Arts\" \/><\/figure><\/div><div class=\"swiper-slide\" role=\"group\" aria-roledescription=\"slide\" aria-label=\"5 of 6\"><figure class=\"swiper-slide-inner\"><img decoding=\"async\" class=\"swiper-slide-image\" src=\"https:\/\/mtlconnecte.ca\/wp-content\/uploads\/2021\/08\/CCA_CMYK_white_e-300x232.png\" alt=\"CCA_CMYK_white_e\" \/><\/figure><\/div><div class=\"swiper-slide\" role=\"group\" aria-roledescription=\"slide\" aria-label=\"6 of 6\"><figure class=\"swiper-slide-inner\"><img decoding=\"async\" class=\"swiper-slide-image\" src=\"https:\/\/mtlconnecte.ca\/wp-content\/uploads\/2021\/02\/MTL-Connect-Partners-5-300x300.png\" alt=\"MTL-Connect-Partners-5\" \/><\/figure><\/div>\t\t\t<\/div>\n\t\t\t\t\t\t\t\n\t\t\t\t\t\t\t\t\t<\/div>\n\t\t\t\t<\/div>\n\t\t\t\t<\/div>\n\t\t\t\t\t<\/div>\n\t\t<\/div>\n\t\t\t\t\t<\/div>\n\t\t<\/section>\n\t\t\t\t\t<\/div>\n\t\t<\/div>\n\t\t\t\t\t<\/div>\n\t\t<\/section>\n\t\t\t\t<\/div>\n\t\t","protected":false},"excerpt":{"rendered":"<p>Digital Artsand Culture A platform that champions creators. A platform that champions creators. Through its various initiatives, MTL connect serves as a unique platform that highlights both local and international creators demonstrating that digital art is not only a driver of innovation but also a powerful tool for imagining and experimenting with possible futures in [&hellip;]<\/p>\n","protected":false},"author":1,"featured_media":0,"parent":0,"menu_order":0,"comment_status":"closed","ping_status":"closed","template":"","meta":{"footnotes":""},"class_list":["post-27424","page","type-page","status-publish","hentry"],"_links":{"self":[{"href":"https:\/\/mtlconnecte.ca\/en\/wp-json\/wp\/v2\/pages\/27424"}],"collection":[{"href":"https:\/\/mtlconnecte.ca\/en\/wp-json\/wp\/v2\/pages"}],"about":[{"href":"https:\/\/mtlconnecte.ca\/en\/wp-json\/wp\/v2\/types\/page"}],"author":[{"embeddable":true,"href":"https:\/\/mtlconnecte.ca\/en\/wp-json\/wp\/v2\/users\/1"}],"replies":[{"embeddable":true,"href":"https:\/\/mtlconnecte.ca\/en\/wp-json\/wp\/v2\/comments?post=27424"}],"version-history":[{"count":7,"href":"https:\/\/mtlconnecte.ca\/en\/wp-json\/wp\/v2\/pages\/27424\/revisions"}],"predecessor-version":[{"id":30493,"href":"https:\/\/mtlconnecte.ca\/en\/wp-json\/wp\/v2\/pages\/27424\/revisions\/30493"}],"wp:attachment":[{"href":"https:\/\/mtlconnecte.ca\/en\/wp-json\/wp\/v2\/media?parent=27424"}],"curies":[{"name":"wp","href":"https:\/\/api.w.org\/{rel}","templated":true}]}}